{"id":53,"date":"2024-08-20T11:00:13","date_gmt":"2024-08-20T11:00:13","guid":{"rendered":"https:\/\/actitudpsicosocial.com\/?page_id=53"},"modified":"2024-08-31T14:59:37","modified_gmt":"2024-08-31T14:59:37","slug":"acompanamiento-empresarial","status":"publish","type":"page","link":"https:\/\/actitudpsicosocial.com\/index.php\/acompanamiento-empresarial\/","title":{"rendered":"Acompa\u00f1amiento Empresarial"},"content":{"rendered":"\t\t<div data-elementor-type=\"wp-page\" data-elementor-id=\"53\" class=\"elementor elementor-53\">\n\t\t\t\t<div class=\"elementor-element elementor-element-c19f95c e-flex e-con-boxed e-con e-parent\" data-id=\"c19f95c\" data-element_type=\"container\">\n\t\t\t\t\t<div class=\"e-con-inner\">\n\t\t\t\t<div class=\"elementor-element elementor-element-d15d3ea elementor-widget elementor-widget-text-editor\" data-id=\"d15d3ea\" data-element_type=\"widget\" data-widget_type=\"text-editor.default\">\n\t\t\t\t<div class=\"elementor-widget-container\">\n\t\t\t\t\t\t\t<p><b>\u00bfRiesgos psicosociales en tu empresa?<\/b><\/p>\n<p>Nuestros programas de formaci\u00f3n est\u00e1 dise\u00f1ados para <b>equipar a tus empleados con las herramientas necesarias para identificar, gestionar y reducir los riesgos psicosociales y saber hacerles frente de una manera asertiva y saludable.&nbsp;<\/b><\/p>\n<p>Nuestra especializaci\u00f3n incluye estos sectores:<\/p>\n<ul>\n<li>SECTOR SOCIO EDUCATIVO\n<\/li>\n<ul>\n<li><a href=\"mailto:madelabueno@gmail.com\" target=\"_blank\">ASESORAMIENTO JUR\u00cdDICO \u2013 LABORA<\/a>L.<\/li>\n<li><a href=\"mailto:2doloresdiez@gmail.com\" target=\"_blank\">ASESORAMIENTO JUR\u00cdDICO \u2013 PENAL<\/a>.<\/li>\n<li><a href=\"mailto:madelabueno@gmail.com\" target=\"_blank\">ASESORAMIENTO JUR\u00cdDICO EN MATERIA PREVENTIVA<\/a>.<\/li>\n<li><a href=\"https:\/\/atreveteabrillar.com\/\" target=\"_blank\">GRUPOS DE APOYO FRENTE A AGRESIONES.<\/a><br><\/li>\n<li><a href=\"mailto:madelabueno@gmail.com\" target=\"_blank\">MEDIDAS DE INTERVENCI\u00d3N<\/a>.<\/li>\n<\/ul>\n<\/ul>\n<ul>\n<li>SECTOR SOCIO SANITARIO\n<\/li><ul>\n<li><a href=\"mailto:madelabueno@gmail.com\" target=\"_blank\">ASESORAMIENTO JUR\u00cdDICO \u2013 LABORAL<\/a>.<\/li>\n<li><a href=\"mailto:2doloresdiez@gmail.com\" target=\"_blank\">ASESORAMIENTO JUR\u00cdDICO \u2013 PENAL<\/a>.<\/li>\n<li><a href=\"mailto:madelabueno@gmail.com\" target=\"_blank\">ASESORAMIENTO JUR\u00cdDICO EN MATERIA PREVENTIVA<\/a>.<\/li>\n<li><a href=\"https:\/\/atreveteabrillar.com\/\" target=\"_blank\">GRUPOS DE APOYO FRENTE A AGRESIONES<\/a><br><\/li>\n<li><a href=\"mailto:madelabueno@gmail.com\" target=\"_blank\">MEDIDAS DE INTERVENCI\u00d3N<\/a>.<\/li>\n<\/ul>\n\n<\/ul><div><font face=\"Arial, Helvetica, sans-serif\">&nbsp;<\/font><a href=\"mailto:madelabueno@gmail.com\" target=\"_blank\">Cont\u00e1ctenos<\/a><font face=\"Arial, Helvetica, sans-serif\">&nbsp;sin compromiso para encontrar la soluci\u00f3n que mejor se adapte a sus necesidades.<\/font><\/div>\t\t\t\t\t\t<\/div>\n\t\t\t\t<\/div>\n\t\t\t\t\t<\/div>\n\t\t\t\t<\/div>\n\t\t<div class=\"elementor-element elementor-element-e442fe3 e-flex e-con-boxed e-con e-parent\" data-id=\"e442fe3\" data-element_type=\"container\">\n\t\t\t\t\t<div class=\"e-con-inner\">\n\t\t\t\t<div class=\"elementor-element elementor-element-2e25948 elementor-widget elementor-widget-image\" data-id=\"2e25948\" data-element_type=\"widget\" data-widget_type=\"image.default\">\n\t\t\t\t<div class=\"elementor-widget-container\">\n\t\t\t\t\t\t\t\t\t\t\t\t\t<img fetchpriority=\"high\" decoding=\"async\" width=\"640\" height=\"427\" src=\"https:\/\/actitudpsicosocial.com\/wp-content\/uploads\/2024\/08\/acompanamiento-empresarial.jpg\" class=\"attachment-large size-large wp-image-146\" alt=\"\" srcset=\"https:\/\/actitudpsicosocial.com\/wp-content\/uploads\/2024\/08\/acompanamiento-empresarial.jpg 640w, https:\/\/actitudpsicosocial.com\/wp-content\/uploads\/2024\/08\/acompanamiento-empresarial-300x200.jpg 300w, https:\/\/actitudpsicosocial.com\/wp-content\/uploads\/2024\/08\/acompanamiento-empresarial-360x240.jpg 360w\" sizes=\"(max-width: 640px) 100vw, 640px\" \/>\t\t\t\t\t\t\t\t\t\t\t\t\t<\/div>\n\t\t\t\t<\/div>\n\t\t\t\t\t<\/div>\n\t\t\t\t<\/div>\n\t\t\t\t<\/div>\n\t\t","protected":false},"excerpt":{"rendered":"<p>\u00bfRiesgos psicosociales en tu empresa? Nuestros programas de formaci\u00f3n est\u00e1 dise\u00f1ados para equipar a tus empleados con las herramientas necesarias para identificar, gestionar y reducir los riesgos psicosociales y saber hacerles frente de una manera asertiva y saludable.&nbsp; Nuestra especializaci\u00f3n incluye estos sectores: SECTOR SOCIO EDUCATIVO ASESORAMIENTO JUR\u00cdDICO \u2013 LABORAL. [&hellip;]<\/p>\n","protected":false},"author":1,"featured_media":0,"parent":0,"menu_order":0,"comment_status":"closed","ping_status":"closed","template":"page-templates\/template-pagebuilder-full-width.php","meta":{"footnotes":""},"class_list":["post-53","page","type-page","status-publish","hentry"],"yoast_head":"<!-- This site is optimized with the Yoast SEO plugin v23.4 - https:\/\/yoast.com\/wordpress\/plugins\/seo\/ -->\n<title>Acompa\u00f1amiento Empresarial - Actitud Psicosocial<\/title>\n<meta name=\"description\" content=\"Mejora la Salud Mental en tu empresa, reduce el Estr\u00e9s y la Ansiedad, minimiza los Riesgos Psicosociales y crea un ambiente laboral m\u00e1s saludable y productivo con nuestra Formaci\u00f3n Especializada.\" \/>\n<meta name=\"robots\" content=\"index, follow, max-snippet:-1, max-image-preview:large, max-video-preview:-1\" \/>\n<link rel=\"canonical\" href=\"https:\/\/actitudpsicosocial.com\/index.php\/acompanamiento-empresarial\/\" \/>\n<meta property=\"og:locale\" content=\"es_ES\" \/>\n<meta property=\"og:type\" content=\"article\" \/>\n<meta property=\"og:title\" content=\"Acompa\u00f1amiento Empresarial - Actitud Psicosocial\" \/>\n<meta property=\"og:description\" content=\"Mejora la Salud Mental en tu empresa, reduce el Estr\u00e9s y la Ansiedad, minimiza los Riesgos Psicosociales y crea un ambiente laboral m\u00e1s saludable y productivo con nuestra Formaci\u00f3n Especializada.\" \/>\n<meta property=\"og:url\" content=\"https:\/\/actitudpsicosocial.com\/index.php\/acompanamiento-empresarial\/\" \/>\n<meta property=\"og:site_name\" content=\"Actitud Psicosocial\" \/>\n<meta property=\"article:modified_time\" content=\"2024-08-31T14:59:37+00:00\" \/>\n<meta property=\"og:image\" content=\"https:\/\/actitudpsicosocial.com\/wp-content\/uploads\/2024\/08\/acompanamiento-empresarial.jpg\" \/>\n<meta name=\"twitter:card\" content=\"summary_large_image\" \/>\n<meta name=\"twitter:label1\" content=\"Tiempo de lectura\" \/>\n\t<meta name=\"twitter:data1\" content=\"1 minuto\" \/>\n<script type=\"application\/ld+json\" class=\"yoast-schema-graph\">{\"@context\":\"https:\/\/schema.org\",\"@graph\":[{\"@type\":\"WebPage\",\"@id\":\"https:\/\/actitudpsicosocial.com\/index.php\/acompanamiento-empresarial\/\",\"url\":\"https:\/\/actitudpsicosocial.com\/index.php\/acompanamiento-empresarial\/\",\"name\":\"Acompa\u00f1amiento Empresarial - Actitud Psicosocial\",\"isPartOf\":{\"@id\":\"https:\/\/actitudpsicosocial.com\/#website\"},\"primaryImageOfPage\":{\"@id\":\"https:\/\/actitudpsicosocial.com\/index.php\/acompanamiento-empresarial\/#primaryimage\"},\"image\":{\"@id\":\"https:\/\/actitudpsicosocial.com\/index.php\/acompanamiento-empresarial\/#primaryimage\"},\"thumbnailUrl\":\"https:\/\/actitudpsicosocial.com\/wp-content\/uploads\/2024\/08\/acompanamiento-empresarial.jpg\",\"datePublished\":\"2024-08-20T11:00:13+00:00\",\"dateModified\":\"2024-08-31T14:59:37+00:00\",\"description\":\"Mejora la Salud Mental en tu empresa, reduce el Estr\u00e9s y la Ansiedad, minimiza los Riesgos Psicosociales y crea un ambiente laboral m\u00e1s saludable y productivo con nuestra Formaci\u00f3n Especializada.\",\"breadcrumb\":{\"@id\":\"https:\/\/actitudpsicosocial.com\/index.php\/acompanamiento-empresarial\/#breadcrumb\"},\"inLanguage\":\"es\",\"potentialAction\":[{\"@type\":\"ReadAction\",\"target\":[\"https:\/\/actitudpsicosocial.com\/index.php\/acompanamiento-empresarial\/\"]}]},{\"@type\":\"ImageObject\",\"inLanguage\":\"es\",\"@id\":\"https:\/\/actitudpsicosocial.com\/index.php\/acompanamiento-empresarial\/#primaryimage\",\"url\":\"https:\/\/actitudpsicosocial.com\/wp-content\/uploads\/2024\/08\/acompanamiento-empresarial.jpg\",\"contentUrl\":\"https:\/\/actitudpsicosocial.com\/wp-content\/uploads\/2024\/08\/acompanamiento-empresarial.jpg\",\"width\":640,\"height\":427},{\"@type\":\"BreadcrumbList\",\"@id\":\"https:\/\/actitudpsicosocial.com\/index.php\/acompanamiento-empresarial\/#breadcrumb\",\"itemListElement\":[{\"@type\":\"ListItem\",\"position\":1,\"name\":\"Portada\",\"item\":\"https:\/\/actitudpsicosocial.com\/\"},{\"@type\":\"ListItem\",\"position\":2,\"name\":\"Acompa\u00f1amiento Empresarial\"}]},{\"@type\":\"WebSite\",\"@id\":\"https:\/\/actitudpsicosocial.com\/#website\",\"url\":\"https:\/\/actitudpsicosocial.com\/\",\"name\":\"Actitud Psicosocial\",\"description\":\"\",\"potentialAction\":[{\"@type\":\"SearchAction\",\"target\":{\"@type\":\"EntryPoint\",\"urlTemplate\":\"https:\/\/actitudpsicosocial.com\/?s={search_term_string}\"},\"query-input\":{\"@type\":\"PropertyValueSpecification\",\"valueRequired\":true,\"valueName\":\"search_term_string\"}}],\"inLanguage\":\"es\"}]}<\/script>\n<!-- \/ Yoast SEO plugin. -->","yoast_head_json":{"title":"Acompa\u00f1amiento Empresarial - Actitud Psicosocial","description":"Mejora la Salud Mental en tu empresa, reduce el Estr\u00e9s y la Ansiedad, minimiza los Riesgos Psicosociales y crea un ambiente laboral m\u00e1s saludable y productivo con nuestra Formaci\u00f3n Especializada.","robots":{"index":"index","follow":"follow","max-snippet":"max-snippet:-1","max-image-preview":"max-image-preview:large","max-video-preview":"max-video-preview:-1"},"canonical":"https:\/\/actitudpsicosocial.com\/index.php\/acompanamiento-empresarial\/","og_locale":"es_ES","og_type":"article","og_title":"Acompa\u00f1amiento Empresarial - Actitud Psicosocial","og_description":"Mejora la Salud Mental en tu empresa, reduce el Estr\u00e9s y la Ansiedad, minimiza los Riesgos Psicosociales y crea un ambiente laboral m\u00e1s saludable y productivo con nuestra Formaci\u00f3n Especializada.","og_url":"https:\/\/actitudpsicosocial.com\/index.php\/acompanamiento-empresarial\/","og_site_name":"Actitud Psicosocial","article_modified_time":"2024-08-31T14:59:37+00:00","og_image":[{"url":"https:\/\/actitudpsicosocial.com\/wp-content\/uploads\/2024\/08\/acompanamiento-empresarial.jpg"}],"twitter_card":"summary_large_image","twitter_misc":{"Tiempo de lectura":"1 minuto"},"schema":{"@context":"https:\/\/schema.org","@graph":[{"@type":"WebPage","@id":"https:\/\/actitudpsicosocial.com\/index.php\/acompanamiento-empresarial\/","url":"https:\/\/actitudpsicosocial.com\/index.php\/acompanamiento-empresarial\/","name":"Acompa\u00f1amiento Empresarial - Actitud Psicosocial","isPartOf":{"@id":"https:\/\/actitudpsicosocial.com\/#website"},"primaryImageOfPage":{"@id":"https:\/\/actitudpsicosocial.com\/index.php\/acompanamiento-empresarial\/#primaryimage"},"image":{"@id":"https:\/\/actitudpsicosocial.com\/index.php\/acompanamiento-empresarial\/#primaryimage"},"thumbnailUrl":"https:\/\/actitudpsicosocial.com\/wp-content\/uploads\/2024\/08\/acompanamiento-empresarial.jpg","datePublished":"2024-08-20T11:00:13+00:00","dateModified":"2024-08-31T14:59:37+00:00","description":"Mejora la Salud Mental en tu empresa, reduce el Estr\u00e9s y la Ansiedad, minimiza los Riesgos Psicosociales y crea un ambiente laboral m\u00e1s saludable y productivo con nuestra Formaci\u00f3n Especializada.","breadcrumb":{"@id":"https:\/\/actitudpsicosocial.com\/index.php\/acompanamiento-empresarial\/#breadcrumb"},"inLanguage":"es","potentialAction":[{"@type":"ReadAction","target":["https:\/\/actitudpsicosocial.com\/index.php\/acompanamiento-empresarial\/"]}]},{"@type":"ImageObject","inLanguage":"es","@id":"https:\/\/actitudpsicosocial.com\/index.php\/acompanamiento-empresarial\/#primaryimage","url":"https:\/\/actitudpsicosocial.com\/wp-content\/uploads\/2024\/08\/acompanamiento-empresarial.jpg","contentUrl":"https:\/\/actitudpsicosocial.com\/wp-content\/uploads\/2024\/08\/acompanamiento-empresarial.jpg","width":640,"height":427},{"@type":"BreadcrumbList","@id":"https:\/\/actitudpsicosocial.com\/index.php\/acompanamiento-empresarial\/#breadcrumb","itemListElement":[{"@type":"ListItem","position":1,"name":"Portada","item":"https:\/\/actitudpsicosocial.com\/"},{"@type":"ListItem","position":2,"name":"Acompa\u00f1amiento Empresarial"}]},{"@type":"WebSite","@id":"https:\/\/actitudpsicosocial.com\/#website","url":"https:\/\/actitudpsicosocial.com\/","name":"Actitud Psicosocial","description":"","potentialAction":[{"@type":"SearchAction","target":{"@type":"EntryPoint","urlTemplate":"https:\/\/actitudpsicosocial.com\/?s={search_term_string}"},"query-input":{"@type":"PropertyValueSpecification","valueRequired":true,"valueName":"search_term_string"}}],"inLanguage":"es"}]}},"_links":{"self":[{"href":"https:\/\/actitudpsicosocial.com\/index.php\/wp-json\/wp\/v2\/pages\/53","targetHints":{"allow":["GET"]}}],"collection":[{"href":"https:\/\/actitudpsicosocial.com\/index.php\/wp-json\/wp\/v2\/pages"}],"about":[{"href":"https:\/\/actitudpsicosocial.com\/index.php\/wp-json\/wp\/v2\/types\/page"}],"author":[{"embeddable":true,"href":"https:\/\/actitudpsicosocial.com\/index.php\/wp-json\/wp\/v2\/users\/1"}],"replies":[{"embeddable":true,"href":"https:\/\/actitudpsicosocial.com\/index.php\/wp-json\/wp\/v2\/comments?post=53"}],"version-history":[{"count":14,"href":"https:\/\/actitudpsicosocial.com\/index.php\/wp-json\/wp\/v2\/pages\/53\/revisions"}],"predecessor-version":[{"id":149,"href":"https:\/\/actitudpsicosocial.com\/index.php\/wp-json\/wp\/v2\/pages\/53\/revisions\/149"}],"wp:attachment":[{"href":"https:\/\/actitudpsicosocial.com\/index.php\/wp-json\/wp\/v2\/media?parent=53"}],"curies":[{"name":"wp","href":"https:\/\/api.w.org\/{rel}","templated":true}]}}